{"id":821,"date":"2021-02-02T08:11:47","date_gmt":"2021-02-02T08:11:47","guid":{"rendered":"https:\/\/www.tcastillo.es\/desarrollo\/?page_id=821"},"modified":"2021-03-09T15:25:49","modified_gmt":"2021-03-09T15:25:49","slug":"reparacion-de-techos-electricos-madrid","status":"publish","type":"page","link":"https:\/\/www.tcastillo.es\/desarrollo\/taller-mecanico-en-madrid\/reparacion-de-techos-electricos-madrid\/","title":{"rendered":"Reparaci\u00f3n de techos el\u00e9ctricos"},"content":{"rendered":"<p>[et_pb_section fb_built=\u00bb1&#8243; _builder_version=\u00bb4.9.0&#8243; _module_preset=\u00bbdefault\u00bb use_background_color_gradient=\u00bbon\u00bb background_color_gradient_start=\u00bb#000000&#8243; background_color_gradient_end=\u00bbrgba(0,0,0,0)\u00bb background_color_gradient_direction=\u00bb137deg\u00bb background_image=\u00bbhttps:\/\/www.tcastillo.es\/desarrollo\/wp-content\/uploads\/2021\/03\/Plantilla-grande-TCastillo-28.jpg\u00bb background_blend=\u00bboverlay\u00bb background_enable_video_mp4=\u00bboff\u00bb hover_enabled=\u00bb0&#8243; alt=\u00bbtechos solares para coches en Madrid\u00bb title_text=\u00bbtechos solares para coches en Madrid\u00bb sticky_enabled=\u00bb0&#8243;][et_pb_row column_structure=\u00bb2_3,1_3&#8243; _builder_version=\u00bb4.7.4&#8243; _module_preset=\u00bbdefault\u00bb locked=\u00bboff\u00bb][et_pb_column type=\u00bb2_3&#8243; _builder_version=\u00bb4.7.4&#8243; _module_preset=\u00bbdefault\u00bb][et_pb_text _builder_version=\u00bb4.8.2&#8243; _dynamic_attributes=\u00bbcontent\u00bb _module_preset=\u00bbdefault\u00bb text_text_color=\u00bb#ffffff\u00bb header_text_color=\u00bb#FFFFFF\u00bb header_2_text_color=\u00bb#ffffff\u00bb custom_margin=\u00bb0px||0px||false|false\u00bb text_text_shadow_style=\u00bbpreset3&#8243; header_2_text_shadow_style=\u00bbpreset3&#8243;]@ET-DC@eyJkeW5hbWljIjp0cnVlLCJjb250ZW50IjoicG9zdF90aXRsZSIsInNldHRpbmdzIjp7ImJlZm9yZSI6IjxoMT4iLCJhZnRlciI6IjwvaDE+In19@[\/et_pb_text][et_pb_text _builder_version=\u00bb4.8.2&#8243; _module_preset=\u00bbdefault\u00bb text_text_color=\u00bb#FFFFFF\u00bb]Taller especializado en reparaci\u00f3n de techos el\u00e9ctricos[\/et_pb_text][et_pb_button button_text=\u00bbPIDA CITA\u00bb _builder_version=\u00bb4.8.2&#8243; _module_preset=\u00bbdefault\u00bb custom_button=\u00bbon\u00bb button_text_size=\u00bb18px\u00bb button_border_width=\u00bb0px\u00bb button_use_icon=\u00bboff\u00bb][\/et_pb_button][\/et_pb_column][et_pb_column type=\u00bb1_3&#8243; _builder_version=\u00bb4.7.4&#8243; _module_preset=\u00bbdefault\u00bb][\/et_pb_column][\/et_pb_row][\/et_pb_section][et_pb_section fb_built=\u00bb1&#8243; _builder_version=\u00bb4.8.2&#8243; _module_preset=\u00bbdefault\u00bb custom_margin=\u00bb20px||0px||false|false\u00bb custom_padding=\u00bb20px||0px||false|false\u00bb][et_pb_row _builder_version=\u00bb4.8.2&#8243; _module_preset=\u00bbdefault\u00bb custom_margin=\u00bb0px||0px||false|false\u00bb custom_padding=\u00bb0px||0px||false|false\u00bb][et_pb_column type=\u00bb4_4&#8243; _builder_version=\u00bb4.8.2&#8243; _module_preset=\u00bbdefault\u00bb][dipi_breadcrumbs admin_label=\u00bbBreadcrumbs\u00bb _builder_version=\u00bb4.8.2&#8243; _module_preset=\u00bbdefault\u00bb items_font_size=\u00bb11px\u00bb custom_margin=\u00bb0px|0px|0px|0px|false|false\u00bb custom_padding=\u00bb0px|0px|0px|0px|false|false\u00bb][\/dipi_breadcrumbs][\/et_pb_column][\/et_pb_row][et_pb_row column_structure=\u00bb1_2,1_2&#8243; _builder_version=\u00bb4.7.4&#8243; _module_preset=\u00bbdefault\u00bb][et_pb_column type=\u00bb1_2&#8243; _builder_version=\u00bb4.7.4&#8243; _module_preset=\u00bbdefault\u00bb][et_pb_text _builder_version=\u00bb4.9.0&#8243; _module_preset=\u00bbdefault\u00bb text_font_size=\u00bb16px\u00bb text_line_height=\u00bb1.8em\u00bb header_3_font_size=\u00bb20px\u00bb]<\/p>\n<h2>Reparaci\u00f3n de techos el\u00e9ctricos<\/h2>\n<h3>ESPECIALISTAS EN REPARACI\u00d3N DE TECHOS EL\u00c9CTRICOS SOLARES<\/h3>\n<div class=\"naranja\"><\/div>\n<p>En Castillo somos especialistas en la reparaci\u00f3n de techos el\u00e9ctricos para coches instalados de f\u00e1brica de todas las arcas. Reparamos casi todos los modelos que hay en el mercado incluidos los techos de lamas, techos panor\u00e1micos y techos de coches cl\u00e1sicos. Si tienes un problema con un techo el\u00e9ctrico en tu veh\u00edculo ponte en contacto con nosotros y te daremos una soluci\u00f3n.[\/et_pb_text][dipi_masonry_gallery _builder_version=\u00bb4.8.2&#8243; _module_preset=\u00bbdefault\u00bb][\/dipi_masonry_gallery][\/et_pb_column][et_pb_column type=\u00bb1_2&#8243; _builder_version=\u00bb4.7.4&#8243; _module_preset=\u00bbdefault\u00bb][et_pb_image src=\u00bbhttps:\/\/www.tcastillo.es\/desarrollo\/wp-content\/uploads\/2021\/03\/Plantilla-pequena-TCastillo-62-1.jpg\u00bb alt=\u00bbtechos solares para coches en Madrid\u00bb title_text=\u00bbtechos solares para coches en Madrid\u00bb align=\u00bbcenter\u00bb _builder_version=\u00bb4.9.0&#8243; _module_preset=\u00bbdefault\u00bb hover_enabled=\u00bb0&#8243; box_shadow_style=\u00bbpreset1&#8243; sticky_enabled=\u00bb0&#8243;][\/et_pb_image][\/et_pb_column][\/et_pb_row][\/et_pb_section][et_pb_section fb_built=\u00bb1&#8243; _builder_version=\u00bb4.9.0&#8243; _module_preset=\u00bbdefault\u00bb background_image=\u00bbhttps:\/\/www.tcastillo.es\/desarrollo\/wp-content\/uploads\/2021\/03\/Plantilla-grande-TCastillo-28.jpg\u00bb background_position=\u00bbtop_center\u00bb custom_padding=\u00bb100px||100px||false|false\u00bb hover_enabled=\u00bb0&#8243; locked=\u00bboff\u00bb alt=\u00bbtechos solares para coches en Madrid\u00bb title_text=\u00bbtechos solares para coches en Madrid\u00bb sticky_enabled=\u00bb0&#8243;][\/et_pb_section][et_pb_section fb_built=\u00bb1&#8243; _builder_version=\u00bb4.9.0&#8243; _module_preset=\u00bbdefault\u00bb custom_padding=\u00bb4px|||||\u00bb locked=\u00bboff\u00bb][et_pb_row _builder_version=\u00bb4.8.2&#8243; _module_preset=\u00bbdefault\u00bb custom_padding=\u00bb||15px|||\u00bb][et_pb_column type=\u00bb4_4&#8243; _builder_version=\u00bb4.8.2&#8243; _module_preset=\u00bbdefault\u00bb][et_pb_text _builder_version=\u00bb4.9.0&#8243; _module_preset=\u00bbdefault\u00bb text_font_size=\u00bb16px\u00bb text_line_height=\u00bb1.8em\u00bb header_3_font=\u00bb|||on|||||\u00bb header_3_font_size=\u00bb20px\u00bb hover_enabled=\u00bb0&#8243; sticky_enabled=\u00bb0&#8243;]<\/p>\n<h2>Reparaci\u00f3n de techos el\u00e9ctricos de veh\u00edculos de alta gama<\/h2>\n<p>Somos especialistas en la reparaci\u00f3n de todos los techos el\u00e9ctricos de lamas originales Mercedes, clase A, clase B, Mercedes ML, etc\u2026<\/p>\n<p>Si no puedes cerrar o abrir el techo, escuchas ruidos raros, no te funcionan los parasoles, te entra ruido o agua es posible que tengas roto el techo el\u00e9ctrico de lamas. Si necesitas una soluci\u00f3n a este problema, no dudes en ponerte en contacto con nosotros.<\/p>\n<p>El techo el\u00e9ctrico de lamas original Mercedes, es un techo que por su complejidad si no se le hace un mantenimiento peri\u00f3dico puede acarrear desgastes prematuros que ocasionan roturas o problemas en el funcionamiento del mismo. Te recomendamos que realices una revisi\u00f3n una vez al a\u00f1o en la cual se revisan, limpian y engrasan todas las piezas del mismo.[\/et_pb_text][\/et_pb_column][\/et_pb_row][et_pb_row column_structure=\u00bb1_3,1_3,1_3&#8243; _builder_version=\u00bb4.9.0&#8243; _module_preset=\u00bbdefault\u00bb][et_pb_column type=\u00bb1_3&#8243; _builder_version=\u00bb4.8.2&#8243; _module_preset=\u00bbdefault\u00bb][et_pb_text _builder_version=\u00bb4.9.0&#8243; _module_preset=\u00bbdefault\u00bb]<\/p>\n<p><img loading=\"lazy\" src=\"https:\/\/www.tcastillo.es\/desarrollo\/wp-content\/uploads\/2021\/03\/Plantilla-pequena-TCastillo-56-300x225.jpg\" width=\"300\" height=\"225\" alt=\"reparaci\u00f3n de techos el\u00e9ctricos de coches en Madrid\" class=\"wp-image-2028 alignnone size-medium\" \/><\/p>\n<p><strong>Reparaci\u00f3n de techos de lamas originales Mercedes Clase A<\/strong><\/p>\n<p>[\/et_pb_text][\/et_pb_column][et_pb_column type=\u00bb1_3&#8243; _builder_version=\u00bb4.9.0&#8243; _module_preset=\u00bbdefault\u00bb][et_pb_text _builder_version=\u00bb4.9.0&#8243; _module_preset=\u00bbdefault\u00bb]<img loading=\"lazy\" src=\"https:\/\/www.tcastillo.es\/desarrollo\/wp-content\/uploads\/2021\/03\/Plantilla-pequena-TCastillo-57-300x225.jpg\" width=\"300\" height=\"225\" alt=\"reparaci\u00f3n de techos el\u00e9ctricos de coches en Madrid\" class=\"wp-image-2029 alignnone size-medium\" \/><\/p>\n<p><strong>Reparaci\u00f3n de techos de lamas originales Mercedes Clase B<\/strong>[\/et_pb_text][\/et_pb_column][et_pb_column type=\u00bb1_3&#8243; _builder_version=\u00bb4.9.0&#8243; _module_preset=\u00bbdefault\u00bb][et_pb_text _builder_version=\u00bb4.9.0&#8243; _module_preset=\u00bbdefault\u00bb]<img loading=\"lazy\" src=\"https:\/\/www.tcastillo.es\/desarrollo\/wp-content\/uploads\/2021\/03\/Plantilla-pequena-TCastillo-58-300x225.jpg\" width=\"300\" height=\"225\" alt=\"reparaci\u00f3n de techos el\u00e9ctricos de coches en Madrid\" class=\"wp-image-2034 alignnone size-medium\" \/><\/p>\n<p><strong>Reparaci\u00f3n de techos de lamas originales Mercedes ML<\/strong>[\/et_pb_text][\/et_pb_column][\/et_pb_row][\/et_pb_section][et_pb_section fb_built=\u00bb1&#8243; _builder_version=\u00bb4.8.2&#8243; _module_preset=\u00bbdefault\u00bb][et_pb_row _builder_version=\u00bb4.8.2&#8243; _module_preset=\u00bbdefault\u00bb][et_pb_column type=\u00bb4_4&#8243; _builder_version=\u00bb4.8.2&#8243; _module_preset=\u00bbdefault\u00bb][et_pb_text _builder_version=\u00bb4.9.0&#8243; _module_preset=\u00bbdefault\u00bb text_font_size=\u00bb16px\u00bb text_line_height=\u00bb1.8em\u00bb header_3_font_size=\u00bb20px\u00bb]<\/p>\n<h2>Reparaci\u00f3n de techos el\u00e9ctricos para coches en Madrid<\/h2>\n<h3>ASPECTOS IMPORTANTES A TENER EN CUENTA<\/h3>\n<div class=\"naranja\"><\/div>\n<p>La mayor\u00eda de las <strong>aver\u00edas de los techos el\u00e9ctricos de los veh\u00edculos<\/strong> vienen dadas por lamas desalineadas o problemas a la hora de abririse o cerrarse. Otro fallo recurrente de estos sistemas es atascarse con frecuencia o un error en la inclinaci\u00f3n.<\/p>\n<p>Ante cualquier aver\u00eda con los techos el\u00e9ctricos solares para el coche, es importante que acudas a un taller de reparaci\u00f3n de techos el\u00e9ctricos. Con una aver\u00eda de este tipo, no es seguro continuar la conducci\u00f3n, ya que supone una fuente de distracciones y un peligro por la ca\u00edda de piezas a la carretera; adem\u00e1s, la posible entrada de lluvia, nieve o polvo a trav\u00e9s del techo defectuoso puede estropear el interior del veh\u00edculo.<\/p>\n<p>Nuestro equipo especialista en <strong>reparaci\u00f3n de techos el\u00e9ctricos en Madrid<\/strong>, valorar\u00e1 si el causante del problema es el cable de mando que transmite el movimiento al techo, el pat\u00edn gu\u00eda o las correderas que permiten el deslizamiento de las lamas o paneles.[\/et_pb_text][\/et_pb_column][\/et_pb_row][\/et_pb_section][et_pb_section fb_built=\u00bb1&#8243; _builder_version=\u00bb4.8.2&#8243; _module_preset=\u00bbdefault\u00bb background_color=\u00bb#ea5b0c\u00bb use_background_color_gradient=\u00bbon\u00bb background_color_gradient_start=\u00bb#ea5b0c\u00bb background_color_gradient_end=\u00bb#c15309&#8243; custom_margin=\u00bb100px||100px||true|false\u00bb global_module=\u00bb686&#8243; saved_tabs=\u00bball\u00bb][et_pb_row column_structure=\u00bb2_5,3_5&#8243; _builder_version=\u00bb4.8.2&#8243; _module_preset=\u00bbdefault\u00bb width=\u00bb90%\u00bb max_width=\u00bb2560px\u00bb custom_padding=\u00bb0px||0px||false|false\u00bb][et_pb_column type=\u00bb2_5&#8243; _builder_version=\u00bb4.8.2&#8243; _module_preset=\u00bbdefault\u00bb][et_pb_text _builder_version=\u00bb4.8.2&#8243; _module_preset=\u00bbdefault\u00bb]<img loading=\"lazy\" src=\"https:\/\/www.tcastillo.es\/desarrollo\/wp-content\/uploads\/2020\/12\/Castillo-grey-300x101.png\" width=\"300\" height=\"101\" alt=\"Castillo Automoci\u00f3n, Mec\u00e1nica y Equipamiento\" class=\"wp-image-154 alignnone size-medium\" \/>[\/et_pb_text][et_pb_text _builder_version=\u00bb4.8.2&#8243; _dynamic_attributes=\u00bbcontent\u00bb _module_preset=\u00bbdefault\u00bb text_text_color=\u00bb#FFFFFF\u00bb text_font_size=\u00bb20px\u00bb text_line_height=\u00bb1.8em\u00bb header_2_font=\u00bb|800||on|||||\u00bb header_2_text_color=\u00bb#FFFFFF\u00bb header_2_font_size=\u00bb20px\u00bb]@ET-DC@eyJkeW5hbWljIjp0cnVlLCJjb250ZW50IjoicG9zdF90aXRsZSIsInNldHRpbmdzIjp7ImJlZm9yZSI6IjxoMj5FbiBDYXN0aWxsbyBTb21vcyBFc3BlY2lhbGlzdGFzIGVuICIsImFmdGVyIjoiPC9oMj4ifX0=@[\/et_pb_text][\/et_pb_column][et_pb_column type=\u00bb3_5&#8243; _builder_version=\u00bb4.8.2&#8243; _module_preset=\u00bbdefault\u00bb][et_pb_text _builder_version=\u00bb4.8.2&#8243; _module_preset=\u00bbdefault\u00bb background_color=\u00bb#FFFFFF\u00bb custom_margin=\u00bb-140px||-140px||true|false\u00bb custom_padding=\u00bb|20px||20px|true|true\u00bb scroll_vertical_motion=\u00bb0|50|50|100|-200|0|0&#8243; scroll_horizontal_motion=\u00bb0|50|50|100|4|0|0&#8243; scroll_fade_enable=\u00bbon\u00bb scroll_fade_tablet=\u00bb0|50|50|100|100%|100|100&#8243; scroll_fade_phone=\u00bb\u00bb scroll_fade_last_edited=\u00bbon|phone\u00bb box_shadow_style=\u00bbpreset1&#8243;]<\/p>\n<div role=\"form\" class=\"wpcf7\" id=\"wpcf7-f10-o1\" lang=\"es-ES\" dir=\"ltr\">\n<div class=\"screen-reader-response\"><p role=\"status\" aria-live=\"polite\" aria-atomic=\"true\"><\/p> <ul><\/ul><\/div>\n<form action=\"\/desarrollo\/wp-json\/wp\/v2\/pages\/821#wpcf7-f10-o1\" method=\"post\" class=\"wpcf7-form init\" novalidate=\"novalidate\" data-status=\"init\">\n<div style=\"display: none;\">\n<input type=\"hidden\" name=\"_wpcf7\" value=\"10\" \/>\n<input type=\"hidden\" name=\"_wpcf7_version\" value=\"5.4\" \/>\n<input type=\"hidden\" name=\"_wpcf7_locale\" value=\"es_ES\" \/>\n<input type=\"hidden\" name=\"_wpcf7_unit_tag\" value=\"wpcf7-f10-o1\" \/>\n<input type=\"hidden\" name=\"_wpcf7_container_post\" value=\"0\" \/>\n<input type=\"hidden\" name=\"_wpcf7_posted_data_hash\" value=\"\" \/>\n<\/div>\n<div style=\"padding:20px 20px 0 20px;\">\n<h2>Contacte con Nosotros<\/h2>\n<p>ESTAREMOS ENCANTADOS DE ATENDERLE\n<div class=\"naranja\"><\/div>\n<\/div>\n<div class=\"formulario\">\n<div class=\"medio\">\n<label><span class=\"wpcf7-form-control-wrap Nombre\"><input type=\"text\" name=\"Nombre\" value=\"\" size=\"40\" class=\"wpcf7-form-control wpcf7-text wpcf7-validates-as-required campo\" aria-required=\"true\" aria-invalid=\"false\" placeholder=\"Nombre\" \/><\/span><\/label><br \/>\n<label><span class=\"wpcf7-form-control-wrap Telfono\"><input type=\"tel\" name=\"Telfono\" value=\"\" size=\"40\" class=\"wpcf7-form-control wpcf7-text wpcf7-tel wpcf7-validates-as-required wpcf7-validates-as-tel campo\" aria-required=\"true\" aria-invalid=\"false\" placeholder=\"Tel\u00e9fono\" \/><\/span><\/label><br \/>\n<label><span class=\"wpcf7-form-control-wrap correo\"><input type=\"email\" name=\"correo\" value=\"\" size=\"40\" class=\"wpcf7-form-control wpcf7-text wpcf7-email wpcf7-validates-as-required wpcf7-validates-as-email campo\" aria-required=\"true\" aria-invalid=\"false\" placeholder=\"Email\" \/><\/span><\/label><br \/>\n<label><span class=\"wpcf7-form-control-wrap mensaje\"><textarea name=\"mensaje\" cols=\"40\" rows=\"3\" class=\"wpcf7-form-control wpcf7-textarea wpcf7-validates-as-required campo\" aria-required=\"true\" aria-invalid=\"false\" placeholder=\"Qu\u00e9 necesita\"><\/textarea><\/span><\/label>\n<\/div>\n<div class=\"medio\">\n<p class=\"legal\" style=\"padding-top:10px;\"><b>Responsable:<\/b><br \/>AUTO RADIO CASTILLO S.L.\/ B79287256 \/ C\/ Potos\u00ed 2, 28016 Madrid \/ ar.castillosl@gmail.com \/ 913441213<br \/>\n<b>Finalidad:<\/b><br \/> Gestionar la relaci\u00f3n comercial\/profesional y Atender las consultas o remitir la informaci\u00f3n que nos solicita.<br \/>\n<b>Derechos<\/b><br \/>Acceso, rectificaci\u00f3n, supresi\u00f3n y portabilidad de sus datos, de limitaci\u00f3n y oposici\u00f3n a su tratamiento, as\u00ed como a no ser objeto de decisiones basadas \u00fanicamente en el tratamiento automatizado de sus datos, cuando procedan.<br \/>\n<b>Informaci\u00f3n adicional:<\/b> Puede consultar la informaci\u00f3n adicional y detallada sobre nuestra Pol\u00edtica de Privacidad en https:\/\/www.tcastillo.es\/desarrollo\/politica-de-privacidad\/\n<\/p>\n<\/div>\n<\/div>\n<div><span class=\"wpcf7-form-control-wrap acept\"><span class=\"wpcf7-form-control wpcf7-acceptance optional\"><span class=\"wpcf7-list-item\"><label><input type=\"checkbox\" name=\"acept\" value=\"1\" aria-invalid=\"false\" class=\"mediocampo\" \/><span class=\"wpcf7-list-item-label\"><span class=\"legal\">Acepto la <a href=\"https:\/\/www.tcastillo.es\/desarrollo\/politica-de-privacidad\/\"><u>Pol\u00edtica de Privacidad<\/u><\/a> <\/span><\/span><\/label><\/span><\/span><\/span><br \/>\n<span class=\"wpcf7-form-control-wrap acept\"><span class=\"wpcf7-form-control wpcf7-acceptance\"><span class=\"wpcf7-list-item\"><label><input type=\"checkbox\" name=\"acept\" value=\"1\" aria-invalid=\"false\" class=\"mediocampo\" \/><span class=\"wpcf7-list-item-label\"><span class=\"legal\">*Declaro haber entendido la informaci\u00f3n facilitada y consiento el tratamiento que se efectuar\u00e1 de mis datos de car\u00e1cter personal.<\/span><\/span><\/label><\/span><\/span><\/span><br \/>\n<span class=\"wpcf7-form-control-wrap acept\"><span class=\"wpcf7-form-control wpcf7-acceptance optional\"><span class=\"wpcf7-list-item\"><label><input type=\"checkbox\" name=\"acept\" value=\"1\" aria-invalid=\"false\" class=\"mediocampo\" \/><span class=\"wpcf7-list-item-label\"><span class=\"legal\">Autorizo al env\u00edo de comunicaciones informativas relativas a las actividades, productos o servicios por correo postal, correo electr\u00f3nico o cualquier otro medio electr\u00f3nico equivalente. <\/span><\/span><\/label><\/span><\/span><\/span><br \/>\n<input type=\"submit\" value=\"ENVIAR\" class=\"wpcf7-form-control wpcf7-submit envio\" \/>\n<\/div>\n<div class=\"wpcf7-response-output\" aria-hidden=\"true\"><\/div><\/form><\/div>\n<p>[\/et_pb_text][\/et_pb_column][\/et_pb_row][\/et_pb_section][et_pb_section fb_built=\u00bb1&#8243; _builder_version=\u00bb4.7.7&#8243; _module_preset=\u00bbdefault\u00bb global_module=\u00bb259&#8243; saved_tabs=\u00bball\u00bb locked=\u00bboff\u00bb][et_pb_row column_structure=\u00bb1_4,1_4,1_4,1_4&#8243; _builder_version=\u00bb4.7.4&#8243; _module_preset=\u00bbdefault\u00bb][et_pb_column type=\u00bb1_4&#8243; _builder_version=\u00bb4.7.4&#8243; _module_preset=\u00bbdefault\u00bb][et_pb_image src=\u00bbhttp:\/\/www.tcastillo.es\/desarrollo\/wp-content\/uploads\/2020\/12\/google-reviews.png\u00bb alt=\u00bbOpiniones Castillo\u00bb title_text=\u00bbGoogle Reviews\u00bb align=\u00bbcenter\u00bb _builder_version=\u00bb4.7.4&#8243; _module_preset=\u00bbdefault\u00bb][\/et_pb_image][et_pb_button button_url=\u00bbhttps:\/\/www.tcastillo.es\/desarrollo\/opiniones-castillo\/\u00bb button_text=\u00bbVer m\u00e1s opiniones\u00bb button_alignment=\u00bbcenter\u00bb _builder_version=\u00bb4.8.2&#8243; _module_preset=\u00bbdefault\u00bb custom_button=\u00bbon\u00bb button_text_size=\u00bb14px\u00bb button_text_color=\u00bb#3f3f3f\u00bb button_bg_color=\u00bbrgba(0,0,0,0)\u00bb button_border_color=\u00bb#3f3f3f\u00bb button_icon=\u00bb%%171%%\u00bb button_on_hover=\u00bboff\u00bb custom_padding=\u00bb|30px|||false|false\u00bb custom_padding__hover_enabled=\u00bbon|hover\u00bb button_border_radius__hover_enabled=\u00bbon|hover\u00bb button_border_radius__hover=\u00bb3px\u00bb][\/et_pb_button][\/et_pb_column][et_pb_column type=\u00bb1_4&#8243; _builder_version=\u00bb4.7.4&#8243; _module_preset=\u00bbdefault\u00bb][dipi_star_rating title=\u00bbEduardo Santos Gordillo\u00bb description=\u00bbHe llevado un Porsche 911 turbo que ten\u00eda un consumo de aceite muy elevado adem\u00e1s de echar mucho humo. Despu\u00e9s de recorrer varios talleres (incluido el servicio oficial), me decante por Castillo ya que la teor\u00eda del fallo me parec\u00eda mucho m\u00e1s realista y barata que en los otros lugares en los que hab\u00eda consultado. El trabajo ha quedado perfecto, adem\u00e1s el coche va mejor que nunca ya que me han realizado adicionalmente otros trabajos de puesta a punto que nadie a lo largo de los 120.000 km me hab\u00eda advertido.<br \/>\nHe recomendado a otro amigo que tiene un Porsche 997 y tambi\u00e9n ha salido encantado.<br \/>\nSi eres un amante de Porsche y tienes un problema te recomiendo por lo menos preguntar.<br \/>\n\u00bb rating=\u00bb5&#8243; _builder_version=\u00bb4.8.2&#8243; _module_preset=\u00bbdefault\u00bb description_font_size=\u00bb13px\u00bb description_line_height=\u00bb1.4em\u00bb][\/dipi_star_rating][\/et_pb_column][et_pb_column type=\u00bb1_4&#8243; _builder_version=\u00bb4.7.4&#8243; _module_preset=\u00bbdefault\u00bb][dipi_star_rating title=\u00bbLuis Angel Araoz\u00bb description=\u00bbSatisfecho y agradecido del servicio prestado por este taller tras haberles llevado el coche a subsanar 2 aver\u00edas bastante complejas, una de motor y otra del sistema de aire acondicionado.<br \/>\nTodo ha sido perfectamente ejecutado y explicado y en todo momento  he recibido un asesoramiento y trato de primera, m\u00e1xime teniendo en cuenta el handicap de estar en unas fechas muy complicadas.<br \/>\n\u00bb rating=\u00bb5&#8243; _builder_version=\u00bb4.8.2&#8243; _module_preset=\u00bbdefault\u00bb description_font_size=\u00bb13px\u00bb description_line_height=\u00bb1.4em\u00bb][\/dipi_star_rating][\/et_pb_column][et_pb_column type=\u00bb1_4&#8243; _builder_version=\u00bb4.7.4&#8243; _module_preset=\u00bbdefault\u00bb][dipi_star_rating title=\u00bbEmilio Montalb\u00e1n\u00bb description=\u00bbMe han restaurado un  cl\u00e1sico Ingl\u00e9s y lo dejaron fenomenal y ahora me han puesto a punto otros 2 coches m\u00e1s y a pesar de que el trabajo de uno de ellos era bastante  complicado lo han ejecutado perfectamente. Es un taller de esos en los que dejas el coche y por lo menos est\u00e1s tranquilo porque sabes que el coche est\u00e1 en buenas manos.\u00bb rating=\u00bb5&#8243; _builder_version=\u00bb4.8.2&#8243; _module_preset=\u00bbdefault\u00bb description_font_size=\u00bb13px\u00bb description_line_height=\u00bb1.4em\u00bb][\/dipi_star_rating][\/et_pb_column][\/et_pb_row][\/et_pb_section]<\/p>\n","protected":false},"excerpt":{"rendered":"<p>[et_pb_section fb_built=\u00bb1&#8243; _builder_version=\u00bb4.9.0&#8243; _module_preset=\u00bbdefault\u00bb use_background_color_gradient=\u00bbon\u00bb background_color_gradient_start=\u00bb#000000&#8243; background_color_gradient_end=\u00bbrgba(0,0,0,0)\u00bb background_color_gradient_direction=\u00bb137deg\u00bb background_image=\u00bbhttps:\/\/www.tcastillo.es\/desarrollo\/wp-content\/uploads\/2021\/03\/Plantilla-grande-TCastillo-28.jpg\u00bb background_blend=\u00bboverlay\u00bb background_enable_video_mp4=\u00bboff\u00bb hover_enabled=\u00bb0&#8243; alt=\u00bbtechos solares para coches en Madrid\u00bb title_text=\u00bbtechos solares para coches en Madrid\u00bb sticky_enabled=\u00bb0&#8243;][et_pb_row column_structure=\u00bb2_3,1_3&#8243; _builder_version=\u00bb4.7.4&#8243; _module_preset=\u00bbdefault\u00bb locked=\u00bboff\u00bb][et_pb_column type=\u00bb2_3&#8243; _builder_version=\u00bb4.7.4&#8243; _module_preset=\u00bbdefault\u00bb][et_pb_text _builder_version=\u00bb4.8.2&#8243; _dynamic_attributes=\u00bbcontent\u00bb _module_preset=\u00bbdefault\u00bb text_text_color=\u00bb#ffffff\u00bb header_text_color=\u00bb#FFFFFF\u00bb header_2_text_color=\u00bb#ffffff\u00bb custom_margin=\u00bb0px||0px||false|false\u00bb text_text_shadow_style=\u00bbpreset3&#8243; header_2_text_shadow_style=\u00bbpreset3&#8243;]@ET-DC@eyJkeW5hbWljIjp0cnVlLCJjb250ZW50IjoicG9zdF90aXRsZSIsInNldHRpbmdzIjp7ImJlZm9yZSI6IjxoMT4iLCJhZnRlciI6IjwvaDE+In19@[\/et_pb_text][et_pb_text _builder_version=\u00bb4.8.2&#8243; _module_preset=\u00bbdefault\u00bb text_text_color=\u00bb#FFFFFF\u00bb]Taller especializado en reparaci\u00f3n de techos el\u00e9ctricos[\/et_pb_text][et_pb_button button_text=\u00bbPIDA CITA\u00bb _builder_version=\u00bb4.8.2&#8243; _module_preset=\u00bbdefault\u00bb custom_button=\u00bbon\u00bb [&hellip;]<\/p>\n","protected":false},"author":3,"featured_media":0,"parent":262,"menu_order":0,"comment_status":"closed","ping_status":"closed","template":"","meta":{"_et_pb_use_builder":"on","_et_pb_old_content":"","_et_gb_content_width":""},"_links":{"self":[{"href":"https:\/\/www.tcastillo.es\/desarrollo\/wp-json\/wp\/v2\/pages\/821"}],"collection":[{"href":"https:\/\/www.tcastillo.es\/desarrollo\/wp-json\/wp\/v2\/pages"}],"about":[{"href":"https:\/\/www.tcastillo.es\/desarrollo\/wp-json\/wp\/v2\/types\/page"}],"author":[{"embeddable":true,"href":"https:\/\/www.tcastillo.es\/desarrollo\/wp-json\/wp\/v2\/users\/3"}],"replies":[{"embeddable":true,"href":"https:\/\/www.tcastillo.es\/desarrollo\/wp-json\/wp\/v2\/comments?post=821"}],"version-history":[{"count":11,"href":"https:\/\/www.tcastillo.es\/desarrollo\/wp-json\/wp\/v2\/pages\/821\/revisions"}],"predecessor-version":[{"id":2072,"href":"https:\/\/www.tcastillo.es\/desarrollo\/wp-json\/wp\/v2\/pages\/821\/revisions\/2072"}],"up":[{"embeddable":true,"href":"https:\/\/www.tcastillo.es\/desarrollo\/wp-json\/wp\/v2\/pages\/262"}],"wp:attachment":[{"href":"https:\/\/www.tcastillo.es\/desarrollo\/wp-json\/wp\/v2\/media?parent=821"}],"curies":[{"name":"wp","href":"https:\/\/api.w.org\/{rel}","templated":true}]}}